{"id":38,"date":"2020-10-18T21:48:09","date_gmt":"2020-10-18T19:48:09","guid":{"rendered":"http:\/\/albertmartinmusic.com\/?page_id=38"},"modified":"2020-10-28T12:39:29","modified_gmt":"2020-10-28T11:39:29","slug":"taller-de-creacio","status":"publish","type":"page","link":"https:\/\/albertmartinmusic.com\/es\/escola\/classes-presencials\/taller-de-creacio\/","title":{"rendered":"Taller de creaci\u00f3 musical"},"content":{"rendered":"<div class=\"wp-block-image\"><figure class=\"aligncenter size-large is-resized\"><img loading=\"lazy\" decoding=\"async\" src=\"http:\/\/albertmartinmusic.com\/wp-content\/uploads\/2020\/10\/Creacio_p-1024x404.jpg\" alt=\"\" class=\"wp-image-88\" width=\"768\" height=\"303\" srcset=\"https:\/\/albertmartinmusic.com\/wp-content\/uploads\/2020\/10\/Creacio_p-1024x404.jpg 1024w, https:\/\/albertmartinmusic.com\/wp-content\/uploads\/2020\/10\/Creacio_p-scaled-750x296.jpg 750w, https:\/\/albertmartinmusic.com\/wp-content\/uploads\/2020\/10\/Creacio_p-300x118.jpg 300w, https:\/\/albertmartinmusic.com\/wp-content\/uploads\/2020\/10\/Creacio_p-768x303.jpg 768w, https:\/\/albertmartinmusic.com\/wp-content\/uploads\/2020\/10\/Creacio_p-1536x605.jpg 1536w, https:\/\/albertmartinmusic.com\/wp-content\/uploads\/2020\/10\/Creacio_p-2048x807.jpg 2048w, https:\/\/albertmartinmusic.com\/wp-content\/uploads\/2020\/10\/Creacio_p-1568x618.jpg 1568w\" sizes=\"auto, (max-width: 768px) 100vw, 768px\" \/><\/figure><\/div>\n\n\n\n<h3 class=\"wp-block-heading\">COMPOSA, ASSAJA I GRAVA DE FORMA COL.LECTIVA<\/h3>\n\n\n\n<p>En aquest taller experimentarem un proc\u00e9s de creaci\u00f3 col.lectiva, passant per les seves diferents etapes:<br>improvitzaci\u00f3, composici\u00f3, assaig, producci\u00f3 art\u00edstica i enregistrament final de la pe\u00e7a. Pararem especial atenci\u00f3 als elements que configuren l\u2019estudi de gravaci\u00f3 i a les eines b\u00e0siques que ens ofereix la tecnologia actual. No \u00e9s imprescindible tenir coneixements musicals per participar-hi.<\/p>\n\n\n\n<div style=\"height:30px\" aria-hidden=\"true\" class=\"wp-block-spacer\"><\/div>\n\n\n\n<h4 class=\"wp-block-heading\"><span class=\"has-inline-color has-secondary-color\">Activitats que realitzarem<\/span><\/h4>\n\n\n\n<p>Improvitzaci\u00f3 en conjunt.<br>Composici\u00f3 d&#8217;una can\u00e7\u00f3 i una lletra.<br>Assaig i producci\u00f3 art\u00edstica de la pe\u00e7a.<br>Enregistrament i mescla de la can\u00e7\u00f3 a l\u2019estudi de gravaci\u00f3.<br>Interpretaci\u00f3 o audici\u00f3 de la pe\u00e7a enregistrada en un concert final.<\/p>\n\n\n\n<div style=\"height:30px\" aria-hidden=\"true\" class=\"wp-block-spacer\"><\/div>\n\n\n\n<h4 class=\"wp-block-heading\"><span class=\"has-inline-color has-secondary-color\">Objectius<\/span><\/h4>\n\n\n\n<p>Desenvolupar la creativitat personal.<br>Adquirir eines espec\u00edfiques per a la composici\u00f3 creativa.<br>Adquirir coneixements b\u00e0sics de so i producci\u00f3 musical.<br>Con\u00e8ixer i compartir amb altres persones interessades en la m\u00fasica.<\/p>\n\n\n\n<div style=\"height:30px\" aria-hidden=\"true\" class=\"wp-block-spacer\"><\/div>\n\n\n\n<figure class=\"wp-block-table is-style-stripes\"><table class=\"has-fixed-layout\"><thead><tr><th class=\"has-text-align-center\" data-align=\"center\"><span class=\"has-inline-color has-secondary-color\">P\u00fablic<\/span><\/th><th class=\"has-text-align-center\" data-align=\"center\"><span class=\"has-inline-color has-secondary-color\">Horari<\/span><\/th><\/tr><\/thead><tbody><tr><td class=\"has-text-align-center\" data-align=\"center\">Adults<\/td><td class=\"has-text-align-center\" data-align=\"center\">A convenir<\/td><\/tr><tr><td class=\"has-text-align-center\" data-align=\"center\">Joves de 13 a 18 anys<\/td><td class=\"has-text-align-center\" data-align=\"center\"><\/td><\/tr><\/tbody><\/table><\/figure>\n\n\n\n<figure class=\"wp-block-table is-style-stripes\"><table class=\"has-fixed-layout\"><thead><tr><th class=\"has-text-align-center\" data-align=\"center\"><span class=\"has-inline-color has-secondary-color\">Durada<\/span><\/th><th class=\"has-text-align-center\" data-align=\"center\"><span class=\"has-inline-color has-secondary-color\">Preu<\/span><\/th><\/tr><\/thead><tbody><tr><td class=\"has-text-align-center\" data-align=\"center\">Un trimestre<\/td><td class=\"has-text-align-center\" data-align=\"center\">P\u00fablic general: 150\u20ac\/ trimestre<\/td><\/tr><tr><td class=\"has-text-align-center\" data-align=\"center\">(10 sessions de 60 minuts)<\/td><td class=\"has-text-align-center\" data-align=\"center\">Estudiants d\u2019instrument: 120\u20ac \/ trimestre<\/td><\/tr><\/tbody><\/table><\/figure>","protected":false},"excerpt":{"rendered":"<p>COMPOSA, ASSAJA I GRAVA DE FORMA COL.LECTIVA En aquest taller experimentarem un proc\u00e9s de creaci\u00f3 col.lectiva, passant per les seves diferents etapes:improvitzaci\u00f3, composici\u00f3, assaig, producci\u00f3 art\u00edstica i enregistrament final de la pe\u00e7a. Pararem especial atenci\u00f3 als elements que configuren l\u2019estudi de gravaci\u00f3 i a les eines b\u00e0siques que ens ofereix la tecnologia actual. No \u00e9s<a class=\"more-link\" href=\"https:\/\/albertmartinmusic.com\/es\/escola\/classes-presencials\/taller-de-creacio\/\">Sigue leyendo <span class=\"screen-reader-text\">&#8220;Taller de creaci\u00f3 musical&#8221;<\/span><\/a><\/p>","protected":false},"author":1,"featured_media":0,"parent":163,"menu_order":0,"comment_status":"closed","ping_status":"closed","template":"","meta":{"footnotes":""},"class_list":["post-38","page","type-page","status-publish","hentry","entry"],"_links":{"self":[{"href":"https:\/\/albertmartinmusic.com\/es\/wp-json\/wp\/v2\/pages\/38","targetHints":{"allow":["GET"]}}],"collection":[{"href":"https:\/\/albertmartinmusic.com\/es\/wp-json\/wp\/v2\/pages"}],"about":[{"href":"https:\/\/albertmartinmusic.com\/es\/wp-json\/wp\/v2\/types\/page"}],"author":[{"embeddable":true,"href":"https:\/\/albertmartinmusic.com\/es\/wp-json\/wp\/v2\/users\/1"}],"replies":[{"embeddable":true,"href":"https:\/\/albertmartinmusic.com\/es\/wp-json\/wp\/v2\/comments?post=38"}],"version-history":[{"count":2,"href":"https:\/\/albertmartinmusic.com\/es\/wp-json\/wp\/v2\/pages\/38\/revisions"}],"predecessor-version":[{"id":89,"href":"https:\/\/albertmartinmusic.com\/es\/wp-json\/wp\/v2\/pages\/38\/revisions\/89"}],"up":[{"embeddable":true,"href":"https:\/\/albertmartinmusic.com\/es\/wp-json\/wp\/v2\/pages\/163"}],"wp:attachment":[{"href":"https:\/\/albertmartinmusic.com\/es\/wp-json\/wp\/v2\/media?parent=38"}],"curies":[{"name":"wp","href":"https:\/\/api.w.org\/{rel}","templated":true}]}}